{"id":2383,"date":"2025-10-08T18:47:30","date_gmt":"2025-10-08T16:47:30","guid":{"rendered":"https:\/\/centrumsamopomocy.pl\/latarnik\/?page_id=2383"},"modified":"2026-04-02T17:14:53","modified_gmt":"2026-04-02T15:14:53","slug":"o-nas","status":"publish","type":"page","link":"https:\/\/centrumsamopomocy.pl\/latarnik\/?page_id=2383","title":{"rendered":"O nas"},"content":{"rendered":"\n<p><strong>Pracownia Latarnik<\/strong> to interdyscyplinarny zesp\u00f3\u0142, kt\u00f3ry swoj\u0105 misj\u0119 czerpie z symboliki latarni morskiej: pragniemy by\u0107 <strong>\u015bwiat\u0142em, wsparciem i drogowskazem<\/strong> dla os\u00f3b znajduj\u0105cych si\u0119 w kryzysie psychicznym, a tak\u017ce dla ich otoczenia.<\/p>\n\n\n\n<p>Naszym g\u0142\u00f3wnym zadaniem jest <strong>edukowanie o zdrowiu psychicznym i samopomocy<\/strong> poprzez prowadzenie portalu internetowego. Wierzymy, \u017ce kluczem do odzyskania r\u00f3wnowagi jest rzetelna wiedza i autentyczne historie.<\/p>\n\n\n\n<h3 class=\"wp-block-heading\">Nasza Misja<\/h3>\n\n\n\n<p>D\u0105\u017cymy do tego, by <strong>odziera\u0107 kryzysy psychiczne ze stereotyp\u00f3w<\/strong> i opowiada\u0107 o nich w spos\u00f3b <strong>niestygmatyzuj\u0105cy<\/strong>. Chcemy wychodzi\u0107 poza schematy i teori\u0119, si\u0119gaj\u0105c po to, co najwa\u017cniejsze:<\/p>\n\n\n\n<ul class=\"wp-block-list\">\n<li><strong>osobiste historie<\/strong> &#8211; publikujemy <strong>\u017cywe, osobiste opowie\u015bci<\/strong> os\u00f3b, kt\u00f3re s\u0105 w trakcie kryzysu, wychodz\u0105 z niego lub ju\u017c go pokona\u0142y;<\/li>\n\n\n\n<li><strong>samopomoc i spo\u0142eczno\u015b\u0107<\/strong> &#8211; przygl\u0105damy si\u0119, w jaki spos\u00f3b zdrowieniu sprzyjaj\u0105 narz\u0119dzia samopomocowe oraz si\u0142a wzajemnie wspieraj\u0105cej si\u0119 spo\u0142eczno\u015bci;<\/li>\n\n\n\n<li><strong>zaanga\u017cowanie<\/strong> &#8211; cho\u0107 dzia\u0142amy online, naszym marzeniem s\u0105 tak\u017ce projekty wykraczaj\u0105ce poza internet, takie jak publikacje czasopisma czy tworzenie kampanii spo\u0142ecznych w przestrzeni publicznej.<\/li>\n<\/ul>\n\n\n\n<h3 class=\"wp-block-heading\">Dla kogo jeste\u015bmy?<\/h3>\n\n\n\n<p>Jeste\u015bmy dla ka\u017cdego, kto dostrzega, \u017ce o kryzysach psychicznych wci\u0105\u017c wie za ma\u0142o. Nasze tre\u015bci kierujemy zar\u00f3wno do <strong>os\u00f3b, kt\u00f3re same do\u015bwiadczaj\u0105 kryzys\u00f3w<\/strong>, jak i do ich <strong>rodzin, bliskich, s\u0105siad\u00f3w, pracodawc\u00f3w<\/strong> i wszystkich, kt\u00f3rzy chc\u0105 patrze\u0107 na ten temat ze <strong>zrozumieniem i empati\u0105<\/strong>.<\/p>\n\n\n\n<p><strong>Latarnik<\/strong> to r\u00f3wnie\u017c miejsce, w kt\u00f3rym cenimy r\u00f3\u017cnorodne umiej\u0119tno\u015bci i <strong>do\u015bwiadczenie kryzysu psychicznego<\/strong> traktujemy nie jako pow\u00f3d do wykluczenia, lecz jako wzmocnienie naszego zespo\u0142u. \u0141\u0105cz\u0105c wiedz\u0119 eksperck\u0105 z osobistym do\u015bwiadczeniem, tworzymy przestrze\u0144 do wsp\u00f3lnego wzrostu i pomocy.<\/p>\n\n\n\n<h2 class=\"wp-block-heading\">Nasz zesp\u00f3\u0142<\/h2>\n\n\n<div class=\"wp-block-image\">\n<figure class=\"aligncenter size-full\"><img loading=\"lazy\" decoding=\"async\" width=\"300\" height=\"300\" src=\"https:\/\/centrumsamopomocy.pl\/latarnik\/wp-content\/uploads\/2026\/04\/Projekt-bez-nazwy-4.jpg\" alt=\"\" class=\"wp-image-2669\" srcset=\"https:\/\/centrumsamopomocy.pl\/latarnik\/wp-content\/uploads\/2026\/04\/Projekt-bez-nazwy-4.jpg 300w, https:\/\/centrumsamopomocy.pl\/latarnik\/wp-content\/uploads\/2026\/04\/Projekt-bez-nazwy-4-150x150.jpg 150w\" sizes=\"auto, (max-width: 300px) 100vw, 300px\" \/><\/figure>\n<\/div>\n\n\n<p><strong>Piotr Harhaj<\/strong>&nbsp;\u2013 pedagog, pracownik socjalny, animator przedsi\u0119wzi\u0119\u0107 spo\u0142ecznych, edukacyjnych i kulturalnych. Dyrektor Centrum Samopomocy w Gdyni. Aktywista Stowarzyszenia Na Drodze Ekspresji w Sopocie. Organizator inicjatyw na rzecz spo\u0142eczno\u015bci lokalnych. Zaanga\u017cowany w dzia\u0142alno\u015b\u0107 spo\u0142eczn\u0105 i obywatelsk\u0105.&nbsp; Dzia\u0142aj\u0105cy na rzecz proces\u00f3w w\u0142\u0105czenia spo\u0142ecznego os\u00f3b marginalizowanych, w szczeg\u00f3lno\u015bci&nbsp;os\u00f3b do\u015bwiadczaj\u0105cych kryzys\u00f3w psychicznych. Praktyk pracy socjalnej&nbsp;i terapii spo\u0142ecznej w obszarze zdrowia psychicznego. Wsp\u00f3\u0142tw\u00f3rca kampanii spo\u0142ecznych. Animator Pomorskiej Koalicji na Rzecz Zdrowia Psychicznego.&nbsp;<\/p>\n\n\n<div class=\"wp-block-image\">\n<figure class=\"aligncenter size-full\"><img loading=\"lazy\" decoding=\"async\" width=\"300\" height=\"300\" src=\"https:\/\/centrumsamopomocy.pl\/latarnik\/wp-content\/uploads\/2026\/03\/Projekt-bez-nazwy-2-1.jpg\" alt=\"\" class=\"wp-image-2647\" srcset=\"https:\/\/centrumsamopomocy.pl\/latarnik\/wp-content\/uploads\/2026\/03\/Projekt-bez-nazwy-2-1.jpg 300w, https:\/\/centrumsamopomocy.pl\/latarnik\/wp-content\/uploads\/2026\/03\/Projekt-bez-nazwy-2-1-150x150.jpg 150w\" sizes=\"auto, (max-width: 300px) 100vw, 300px\" \/><\/figure>\n<\/div>\n\n\n<p><strong>Izabela Karolewska <\/strong>&#8211; psycholog, psychoterapeuta. Od 8 lat prowadzi zaj\u0119cia literackie dla os\u00f3b z do\u015bwiadczeniem kryzysu psychicznego. S\u0142owo pisane staje si\u0119 tutaj pretekstem do poznania wn\u0119trza autora, rozmowy, wymiany my\u015bli, blisko\u015bci.<\/p>\n\n\n<div class=\"wp-block-image\">\n<figure class=\"aligncenter size-full\"><img loading=\"lazy\" decoding=\"async\" width=\"300\" height=\"300\" src=\"https:\/\/centrumsamopomocy.pl\/latarnik\/wp-content\/uploads\/2025\/10\/Projekt-bez-nazwy-24.jpg\" alt=\"\" class=\"wp-image-2405\" srcset=\"https:\/\/centrumsamopomocy.pl\/latarnik\/wp-content\/uploads\/2025\/10\/Projekt-bez-nazwy-24.jpg 300w, https:\/\/centrumsamopomocy.pl\/latarnik\/wp-content\/uploads\/2025\/10\/Projekt-bez-nazwy-24-150x150.jpg 150w\" sizes=\"auto, (max-width: 300px) 100vw, 300px\" \/><\/figure>\n<\/div>\n\n\n<p><strong>Przemys\u0142aw Szczygie\u0142 <\/strong>\u2013 sopocianin ur. w 1993 r. Absolwent polonistyki na Uniwersytecie Gda\u0144skim. Redaktor i dziennikarz zwi\u0105zany portalem internetowym Dzie\u0144 Dobry Sopot \u2013 esopot.pl. Organizator i prowadz\u0105cy licznych wydarze\u0144 kulturalnych, w tym slam\u00f3w poetyckich, spotka\u0144 autorskich i warsztat\u00f3w kreatywnego pisania. Od maja 2025 roku zwi\u0105zany z Pracowni\u0105 Latarnik dzia\u0142aj\u0105c\u0105 w ramach Centrum Samopomocy w Gdyni.<\/p>\n\n\n\n<ul class=\"wp-block-social-links is-layout-flex wp-block-social-links-is-layout-flex\"><li class=\"wp-social-link wp-social-link-facebook  wp-block-social-link\"><a href=\"https:\/\/www.facebook.com\/szczygiel.przemek\" class=\"wp-block-social-link-anchor\"><svg width=\"24\" height=\"24\" viewBox=\"0 0 24 24\" version=\"1.1\" xmlns=\"http:\/\/www.w3.org\/2000\/svg\" aria-hidden=\"true\" focusable=\"false\"><path d=\"M12 2C6.5 2 2 6.5 2 12c0 5 3.7 9.1 8.4 9.9v-7H7.9V12h2.5V9.8c0-2.5 1.5-3.9 3.8-3.9 1.1 0 2.2.2 2.2.2v2.5h-1.3c-1.2 0-1.6.8-1.6 1.6V12h2.8l-.4 2.9h-2.3v7C18.3 21.1 22 17 22 12c0-5.5-4.5-10-10-10z\"><\/path><\/svg><span class=\"wp-block-social-link-label screen-reader-text\">Facebook<\/span><\/a><\/li><\/ul>\n\n\n<div class=\"wp-block-image\">\n<figure class=\"aligncenter size-full\"><img loading=\"lazy\" decoding=\"async\" width=\"300\" height=\"300\" src=\"https:\/\/centrumsamopomocy.pl\/latarnik\/wp-content\/uploads\/2025\/10\/Projekt-bez-nazwy-22.jpg\" alt=\"\" class=\"wp-image-2406\" srcset=\"https:\/\/centrumsamopomocy.pl\/latarnik\/wp-content\/uploads\/2025\/10\/Projekt-bez-nazwy-22.jpg 300w, https:\/\/centrumsamopomocy.pl\/latarnik\/wp-content\/uploads\/2025\/10\/Projekt-bez-nazwy-22-150x150.jpg 150w\" sizes=\"auto, (max-width: 300px) 100vw, 300px\" \/><\/figure>\n<\/div>\n\n\n<p><strong>Andrzej K\u0119dzierski<\/strong>&nbsp;&#8211; kompozytor ilustracyjnej muzyki instrumentalnej, producent muzyczny, gitarzysta, wokalista. Muzyka Andrzeja K\u0119dzierskiego to po\u0142\u0105czenie przestrzennej gitary elektrycznej i \u0142agodnej a czasem mocniejszej elektroniki. Tw\u00f3rca muzyki zespo\u0142\u00f3w Psychopill, Jak Zwa\u0142 Tak Zwa\u0142, Inkolinia, duetu Dzier\u017cawski\/K\u0119dzierski. Dyplomowany pracownik socjalny, pedagog resocjalizacji (licencjat).<\/p>\n\n\n<div class=\"wp-block-image\">\n<figure class=\"aligncenter size-full\"><img loading=\"lazy\" decoding=\"async\" width=\"300\" height=\"300\" src=\"https:\/\/centrumsamopomocy.pl\/latarnik\/wp-content\/uploads\/2025\/10\/Projekt-bez-nazwy-25.jpg\" alt=\"\" class=\"wp-image-2435\" srcset=\"https:\/\/centrumsamopomocy.pl\/latarnik\/wp-content\/uploads\/2025\/10\/Projekt-bez-nazwy-25.jpg 300w, https:\/\/centrumsamopomocy.pl\/latarnik\/wp-content\/uploads\/2025\/10\/Projekt-bez-nazwy-25-150x150.jpg 150w\" sizes=\"auto, (max-width: 300px) 100vw, 300px\" \/><\/figure>\n<\/div>\n\n\n<p><strong>Maciej Kor\u017cel<\/strong> &#8211; W\u0119drowny nauczyciel. Artysta amator, tw\u00f3rca emonimalizmu (wyra\u017canego s\u0142owem i obrazem), korzystaj\u0105cy z faktu, \u017ce tworzenie nie wymaga umiej\u0119tno\u015bci, lecz prosi o w\u0142asny obraz rzeczy. Na p\u00f3\u0142metku, zwanym r\u00f3wnie\u017c kryzysem (to, co za\u2026, to naprawd\u0119 przesz\u0142o\u015b\u0107 &#8211; to, co przed\u2026, to naprawd\u0119 nieznane). Ju\u017c dostrzegaj\u0105cy, \u017ce zdrowie duszy potrzebuje zdrowia cia\u0142a i psyche.<\/p>\n\n\n\n<ul class=\"wp-block-social-links is-layout-flex wp-block-social-links-is-layout-flex\"><li class=\"wp-social-link wp-social-link-facebook  wp-block-social-link\"><a href=\"https:\/\/www.facebook.com\/emonimalista\" class=\"wp-block-social-link-anchor\"><svg width=\"24\" height=\"24\" viewBox=\"0 0 24 24\" version=\"1.1\" xmlns=\"http:\/\/www.w3.org\/2000\/svg\" aria-hidden=\"true\" focusable=\"false\"><path d=\"M12 2C6.5 2 2 6.5 2 12c0 5 3.7 9.1 8.4 9.9v-7H7.9V12h2.5V9.8c0-2.5 1.5-3.9 3.8-3.9 1.1 0 2.2.2 2.2.2v2.5h-1.3c-1.2 0-1.6.8-1.6 1.6V12h2.8l-.4 2.9h-2.3v7C18.3 21.1 22 17 22 12c0-5.5-4.5-10-10-10z\"><\/path><\/svg><span class=\"wp-block-social-link-label screen-reader-text\">Facebook<\/span><\/a><\/li><\/ul>\n\n\n\n<hr class=\"wp-block-separator has-alpha-channel-opacity\"\/>\n\n\n\n<h3 class=\"wp-block-heading\">Gdzie nas znajdziesz?<\/h3>\n\n\n\n<p>Pracownia Latarnik dzia\u0142a przede wszystkim w przestrzeni cyfrowej, docieraj\u0105c do wszystkich, kt\u00f3rzy potrzebuj\u0105 wsparcia i informacji, ale ma te\u017c swoj\u0105 fizyczn\u0105 siedzib\u0119:<\/p>\n\n\n\n<ul class=\"wp-block-list\">\n<li><strong>Portal g\u0142\u00f3wny:<\/strong> Ca\u0142o\u015b\u0107 naszych tre\u015bci i materia\u0142\u00f3w edukacyjnych znajdziesz na <a href=\"https:\/\/centrumsamopomocy.pl\/latarnik\" title=\"\"><strong>naszej stronie internetowej<\/strong> <\/a>oraz na <a href=\"https:\/\/www.youtube.com\/@PracowniaLatarnik\" title=\"kanale YouTube\"><strong>kanale YouTube<\/strong><\/a>.<\/li>\n\n\n\n<li><strong>Adres biura:<\/strong> Nasze biuro znajduje si\u0119 w Gdyni, przy <strong>ul. Warszawskiej 76<\/strong>.<\/li>\n<\/ul>\n\n\n\n<p><\/p>\n","protected":false},"excerpt":{"rendered":"<p>Pracownia Latarnik to interdyscyplinarny zesp\u00f3\u0142, kt\u00f3ry swoj\u0105 misj\u0119 czerpie z symboliki latarni morskiej: pragniemy by\u0107 \u015bwiat\u0142em, wsparciem i drogowskazem dla os\u00f3b znajduj\u0105cych si\u0119 w kryzysie psychicznym, a tak\u017ce dla ich otoczenia. Naszym g\u0142\u00f3wnym zadaniem jest edukowanie o zdrowiu psychicznym i samopomocy poprzez prowadzenie portalu internetowego. Wierzymy, \u017ce kluczem do odzyskania r\u00f3wnowagi jest rzetelna wiedza i [&hellip;]<\/p>\n","protected":false},"author":1,"featured_media":0,"parent":0,"menu_order":0,"comment_status":"closed","ping_status":"closed","template":"","meta":{"_monsterinsights_skip_tracking":false,"_monsterinsights_sitenote_active":false,"_monsterinsights_sitenote_note":"","_monsterinsights_sitenote_category":0,"footnotes":""},"class_list":["post-2383","page","type-page","status-publish","hentry"],"aioseo_notices":[],"magazineBlocksPostFeaturedMedia":{"thumbnail":false,"medium":false,"medium_large":false,"large":false,"1536x1536":false,"2048x2048":false},"magazineBlocksPostAuthor":{"name":"Pracownia Latarnik","avatar":"https:\/\/secure.gravatar.com\/avatar\/4d57a8b00d097dc665b1acf25e79882e15157ad223521db56d2ecbf772fa5174?s=96&d=mm&r=g"},"magazineBlocksPostCommentsNumber":false,"magazineBlocksPostExcerpt":"Pracownia Latarnik to interdyscyplinarny zesp\u00f3\u0142, kt\u00f3ry swoj\u0105 misj\u0119 czerpie z symboliki latarni morskiej: pragniemy by\u0107 \u015bwiat\u0142em, wsparciem i drogowskazem dla os\u00f3b znajduj\u0105cych si\u0119 w kryzysie psychicznym, a tak\u017ce dla ich otoczenia. Naszym g\u0142\u00f3wnym zadaniem jest edukowanie o zdrowiu psychicznym i samopomocy poprzez prowadzenie portalu internetowego. Wierzymy, \u017ce kluczem do odzyskania r\u00f3wnowagi jest rzetelna wiedza i [&hellip;]","magazineBlocksPostCategories":[],"magazineBlocksPostViewCount":0,"magazineBlocksPostReadTime":4,"_links":{"self":[{"href":"https:\/\/centrumsamopomocy.pl\/latarnik\/index.php?rest_route=\/wp\/v2\/pages\/2383","targetHints":{"allow":["GET"]}}],"collection":[{"href":"https:\/\/centrumsamopomocy.pl\/latarnik\/index.php?rest_route=\/wp\/v2\/pages"}],"about":[{"href":"https:\/\/centrumsamopomocy.pl\/latarnik\/index.php?rest_route=\/wp\/v2\/types\/page"}],"author":[{"embeddable":true,"href":"https:\/\/centrumsamopomocy.pl\/latarnik\/index.php?rest_route=\/wp\/v2\/users\/1"}],"replies":[{"embeddable":true,"href":"https:\/\/centrumsamopomocy.pl\/latarnik\/index.php?rest_route=%2Fwp%2Fv2%2Fcomments&post=2383"}],"version-history":[{"count":17,"href":"https:\/\/centrumsamopomocy.pl\/latarnik\/index.php?rest_route=\/wp\/v2\/pages\/2383\/revisions"}],"predecessor-version":[{"id":2670,"href":"https:\/\/centrumsamopomocy.pl\/latarnik\/index.php?rest_route=\/wp\/v2\/pages\/2383\/revisions\/2670"}],"wp:attachment":[{"href":"https:\/\/centrumsamopomocy.pl\/latarnik\/index.php?rest_route=%2Fwp%2Fv2%2Fmedia&parent=2383"}],"curies":[{"name":"wp","href":"https:\/\/api.w.org\/{rel}","templated":true}]}}